{"version":"1.0","provider_name":"Repair Caf\u00e9","provider_url":"https:\/\/www.repair-cafe.ch\/fr\/","author_name":"rcadmin","author_url":"https:\/\/www.repair-cafe.ch\/fr\/author\/rcadmin\/","title":"FRC-GE Repair Caf\u00e9 - V\u00e0V EAUX-VIVES - Repair Caf\u00e9","type":"rich","width":600,"height":338,"html":"<blockquote class=\"wp-embedded-content\" data-secret=\"wVcFOBrPP9\"><a href=\"https:\/\/www.repair-cafe.ch\/fr\/repairevent\/repair-cafe-frc-vav-eaux-vives\/\">FRC-GE Repair Caf\u00e9 &#8211; V\u00e0V EAUX-VIVES<\/a><\/blockquote><iframe sandbox=\"allow-scripts\" security=\"restricted\" src=\"https:\/\/www.repair-cafe.ch\/fr\/repairevent\/repair-cafe-frc-vav-eaux-vives\/embed\/#?secret=wVcFOBrPP9\" width=\"600\" height=\"338\" title=\"\u00ab\u00a0FRC-GE Repair Caf\u00e9 &#8211; V\u00e0V EAUX-VIVES\u00a0\u00bb &#8212; Repair Caf\u00e9\" data-secret=\"wVcFOBrPP9\" frameborder=\"0\" marginwidth=\"0\" marginheight=\"0\" scrolling=\"no\" class=\"wp-embedded-content\"><\/iframe><script type=\"text\/javascript\">\n\/* <![CDATA[ *\/\n\/*! This file is auto-generated *\/\n!function(d,l){\"use strict\";l.querySelector&&d.addEventListener&&\"undefined\"!=typeof URL&&(d.wp=d.wp||{},d.wp.receiveEmbedMessage||(d.wp.receiveEmbedMessage=function(e){var t=e.data;if((t||t.secret||t.message||t.value)&&!\/[^a-zA-Z0-9]\/.test(t.secret)){for(var s,r,n,a=l.querySelectorAll('iframe[data-secret=\"'+t.secret+'\"]'),o=l.querySelectorAll('blockquote[data-secret=\"'+t.secret+'\"]'),c=new RegExp(\"^https?:$\",\"i\"),i=0;i<o.length;i++)o[i].style.display=\"none\";for(i=0;i<a.length;i++)s=a[i],e.source===s.contentWindow&&(s.removeAttribute(\"style\"),\"height\"===t.message?(1e3<(r=parseInt(t.value,10))?r=1e3:~~r<200&&(r=200),s.height=r):\"link\"===t.message&&(r=new URL(s.getAttribute(\"src\")),n=new URL(t.value),c.test(n.protocol))&&n.host===r.host&&l.activeElement===s&&(d.top.location.href=t.value))}},d.addEventListener(\"message\",d.wp.receiveEmbedMessage,!1),l.addEventListener(\"DOMContentLoaded\",function(){for(var e,t,s=l.querySelectorAll(\"iframe.wp-embedded-content\"),r=0;r<s.length;r++)(t=(e=s[r]).getAttribute(\"data-secret\"))||(t=Math.random().toString(36).substring(2,12),e.src+=\"#?secret=\"+t,e.setAttribute(\"data-secret\",t)),e.contentWindow.postMessage({message:\"ready\",secret:t},\"*\")},!1)))}(window,document);\n\/\/# sourceURL=https:\/\/www.repair-cafe.ch\/wp-includes\/js\/wp-embed.min.js\n\/* ]]> *\/\n<\/script>\n","description":"Sur notre stand FRC Repair Caf\u00e9, vous trouverez un endroit favorable aux \u00e9changes d\u2019informations et de bonnes pratiques. Vous pourrez \u00e9galement y amener vos objets d\u00e9fectueux (\u00e9lectrom\u00e9nagers, \u00e9lectronique, meubles, jouets, v\u00e9los, textiles et autres) pour effectuer de petites r\u00e9parations dont le co\u00fbt pourrait s\u2019av\u00e9rer prohibitif aupr\u00e8s de r\u00e9parateurs professionnels ou pour apprendre \u00e0 les r\u00e9parer ... ..."}