{"version":"1.0","provider_name":"Repair Caf\u00e9","provider_url":"https:\/\/www.repair-cafe.ch\/fr\/","author_name":"Thomas Weber","author_url":"https:\/\/www.repair-cafe.ch\/fr\/author\/weber-thomasbluewin-ch\/","title":"Repair Caf\u00e9 Meilen im Treffpunkt - Repair Caf\u00e9","type":"rich","width":600,"height":338,"html":"<blockquote class=\"wp-embedded-content\" data-secret=\"Kwh0PBNgjq\"><a href=\"https:\/\/www.repair-cafe.ch\/fr\/repairevent\/repair-cafe-meilen-im-treffpunkt-37\/\">Repair Caf\u00e9 Meilen im Treffpunkt<\/a><\/blockquote><iframe sandbox=\"allow-scripts\" security=\"restricted\" src=\"https:\/\/www.repair-cafe.ch\/fr\/repairevent\/repair-cafe-meilen-im-treffpunkt-37\/embed\/#?secret=Kwh0PBNgjq\" width=\"600\" height=\"338\" title=\"\u00ab\u00a0Repair Caf\u00e9 Meilen im Treffpunkt\u00a0\u00bb &#8212; Repair Caf\u00e9\" data-secret=\"Kwh0PBNgjq\" frameborder=\"0\" marginwidth=\"0\" marginheight=\"0\" scrolling=\"no\" class=\"wp-embedded-content\"><\/iframe><script type=\"text\/javascript\">\n\/* <![CDATA[ *\/\n\/*! This file is auto-generated *\/\n!function(d,l){\"use strict\";l.querySelector&&d.addEventListener&&\"undefined\"!=typeof URL&&(d.wp=d.wp||{},d.wp.receiveEmbedMessage||(d.wp.receiveEmbedMessage=function(e){var t=e.data;if((t||t.secret||t.message||t.value)&&!\/[^a-zA-Z0-9]\/.test(t.secret)){for(var s,r,n,a=l.querySelectorAll('iframe[data-secret=\"'+t.secret+'\"]'),o=l.querySelectorAll('blockquote[data-secret=\"'+t.secret+'\"]'),c=new RegExp(\"^https?:$\",\"i\"),i=0;i<o.length;i++)o[i].style.display=\"none\";for(i=0;i<a.length;i++)s=a[i],e.source===s.contentWindow&&(s.removeAttribute(\"style\"),\"height\"===t.message?(1e3<(r=parseInt(t.value,10))?r=1e3:~~r<200&&(r=200),s.height=r):\"link\"===t.message&&(r=new URL(s.getAttribute(\"src\")),n=new URL(t.value),c.test(n.protocol))&&n.host===r.host&&l.activeElement===s&&(d.top.location.href=t.value))}},d.addEventListener(\"message\",d.wp.receiveEmbedMessage,!1),l.addEventListener(\"DOMContentLoaded\",function(){for(var e,t,s=l.querySelectorAll(\"iframe.wp-embedded-content\"),r=0;r<s.length;r++)(t=(e=s[r]).getAttribute(\"data-secret\"))||(t=Math.random().toString(36).substring(2,12),e.src+=\"#?secret=\"+t,e.setAttribute(\"data-secret\",t)),e.contentWindow.postMessage({message:\"ready\",secret:t},\"*\")},!1)))}(window,document);\n\/\/# sourceURL=https:\/\/www.repair-cafe.ch\/wp-includes\/js\/wp-embed.min.js\n\/* ]]> *\/\n<\/script>\n","description":"Das Repair Caf\u00e9 unternimmt konkret etwas gegen den Ressourcenverschleiss und die wachsenden Abfallberge. Immer wieder landen Produkte im Abfall die nur \u00fcber kleine Defekte verf\u00fcgen und mit relativ geringem Aufwand wieder repariert werden k\u00f6nnen. Wir sind ein motiviertes Team, das durch Freiwilligenarbeit einen pers\u00f6nlichen Beitrag zum schonenderen Umgang mit unseren Ressourcen leisten will. repaircafe@treffpunktmeilen.ch","thumbnail_url":"https:\/\/repair-cafe.ch\/storage\/app\/media\/uploaded-files\/dsc01373-1.jpg"}