{"id":1294,"date":"2023-10-17T13:27:48","date_gmt":"2023-10-17T11:27:48","guid":{"rendered":"https:\/\/www.repair-cafe.ch\/repaircafe\/repair-cafe-frc-geneve\/"},"modified":"2026-03-19T14:28:51","modified_gmt":"2026-03-19T13:28:51","slug":"frc-ge","status":"publish","type":"repaircafe","link":"https:\/\/www.repair-cafe.ch\/fr\/repaircafe\/frc-ge\/","title":{"rendered":"Repair Caf\u00e9 FRC Gen\u00e8ve"},"template":"","class_list":["post-1294","repaircafe","type-repaircafe","status-publish","hentry"],"acf":[],"yoast_head":"<!-- This site is optimized with the Yoast SEO plugin v27.3 - https:\/\/yoast.com\/product\/yoast-seo-wordpress\/ -->\n<title>Repair Caf\u00e9 FRC Gen\u00e8ve - Repair Caf\u00e9<\/title>\n<meta name=\"robots\" content=\"index, follow, max-snippet:-1, max-image-preview:large, max-video-preview:-1\" \/>\n<link rel=\"canonical\" href=\"https:\/\/www.repair-cafe.ch\/fr\/repaircafe\/frc-ge\/\" \/>\n<meta property=\"og:locale\" content=\"fr_FR\" \/>\n<meta property=\"og:type\" content=\"article\" \/>\n<meta property=\"og:title\" content=\"Repair Caf\u00e9 FRC Gen\u00e8ve - Repair Caf\u00e9\" \/>\n<meta property=\"og:description\" content=\"La FRC Gen\u00e8ve s\u2019investit dans divers projets de Repair Caf\u00e9s dans les quartiers de la Cit\u00e9 de Calvin depuis 2016 . Plusieurs \u00e9v\u00e9nements ont lieu dans l\u2019ann\u00e9e, permettant de donner une seconde vie \u00e0 nos objets du quotidien, trop souvent injustement condamn\u00e9s par l\u2019obsolescence programm\u00e9e. Sur notre stand FRC Repair Caf\u00e9, vous trouverez un endroit ... Repair Caf\u00e9 FRC Gen\u00e8ve\" \/>\n<meta property=\"og:url\" content=\"https:\/\/www.repair-cafe.ch\/fr\/repaircafe\/frc-ge\/\" \/>\n<meta property=\"og:site_name\" content=\"Repair Caf\u00e9\" \/>\n<meta property=\"article:modified_time\" content=\"2026-03-19T13:28:51+00:00\" \/>\n<meta name=\"twitter:card\" content=\"summary_large_image\" \/>\n<meta name=\"twitter:label1\" content=\"Dur\u00e9e de lecture estim\u00e9e\" \/>\n\t<meta name=\"twitter:data1\" content=\"1 minute\" \/>\n<script type=\"application\/ld+json\" class=\"yoast-schema-graph\">{\"@context\":\"https:\\\/\\\/schema.org\",\"@graph\":[{\"@type\":\"WebPage\",\"@id\":\"https:\\\/\\\/www.repair-cafe.ch\\\/fr\\\/repaircafe\\\/frc-ge\\\/\",\"url\":\"https:\\\/\\\/www.repair-cafe.ch\\\/fr\\\/repaircafe\\\/frc-ge\\\/\",\"name\":\"Repair Caf\u00e9 FRC Gen\u00e8ve - Repair Caf\u00e9\",\"isPartOf\":{\"@id\":\"https:\\\/\\\/www.repair-cafe.ch\\\/fr\\\/#website\"},\"datePublished\":\"2023-10-17T11:27:48+00:00\",\"dateModified\":\"2026-03-19T13:28:51+00:00\",\"breadcrumb\":{\"@id\":\"https:\\\/\\\/www.repair-cafe.ch\\\/fr\\\/repaircafe\\\/frc-ge\\\/#breadcrumb\"},\"inLanguage\":\"fr-FR\",\"potentialAction\":[{\"@type\":\"ReadAction\",\"target\":[\"https:\\\/\\\/www.repair-cafe.ch\\\/fr\\\/repaircafe\\\/frc-ge\\\/\"]}]},{\"@type\":\"BreadcrumbList\",\"@id\":\"https:\\\/\\\/www.repair-cafe.ch\\\/fr\\\/repaircafe\\\/frc-ge\\\/#breadcrumb\",\"itemListElement\":[{\"@type\":\"ListItem\",\"position\":1,\"name\":\"Startseite\",\"item\":\"https:\\\/\\\/www.repair-cafe.ch\\\/fr\\\/\"},{\"@type\":\"ListItem\",\"position\":2,\"name\":\"Repair Caf\u00e9 FRC Gen\u00e8ve\"}]},{\"@type\":\"WebSite\",\"@id\":\"https:\\\/\\\/www.repair-cafe.ch\\\/fr\\\/#website\",\"url\":\"https:\\\/\\\/www.repair-cafe.ch\\\/fr\\\/\",\"name\":\"Repair Caf\u00e9\",\"description\":\"\",\"potentialAction\":[{\"@type\":\"SearchAction\",\"target\":{\"@type\":\"EntryPoint\",\"urlTemplate\":\"https:\\\/\\\/www.repair-cafe.ch\\\/fr\\\/?s={search_term_string}\"},\"query-input\":{\"@type\":\"PropertyValueSpecification\",\"valueRequired\":true,\"valueName\":\"search_term_string\"}}],\"inLanguage\":\"fr-FR\"}]}<\/script>\n<!-- \/ Yoast SEO plugin. -->","yoast_head_json":{"title":"Repair Caf\u00e9 FRC Gen\u00e8ve - Repair Caf\u00e9","robots":{"index":"index","follow":"follow","max-snippet":"max-snippet:-1","max-image-preview":"max-image-preview:large","max-video-preview":"max-video-preview:-1"},"canonical":"https:\/\/www.repair-cafe.ch\/fr\/repaircafe\/frc-ge\/","og_locale":"fr_FR","og_type":"article","og_title":"Repair Caf\u00e9 FRC Gen\u00e8ve - Repair Caf\u00e9","og_description":"La FRC Gen\u00e8ve s\u2019investit dans divers projets de Repair Caf\u00e9s dans les quartiers de la Cit\u00e9 de Calvin depuis 2016 . Plusieurs \u00e9v\u00e9nements ont lieu dans l\u2019ann\u00e9e, permettant de donner une seconde vie \u00e0 nos objets du quotidien, trop souvent injustement condamn\u00e9s par l\u2019obsolescence programm\u00e9e. Sur notre stand FRC Repair Caf\u00e9, vous trouverez un endroit ... Repair Caf\u00e9 FRC Gen\u00e8ve","og_url":"https:\/\/www.repair-cafe.ch\/fr\/repaircafe\/frc-ge\/","og_site_name":"Repair Caf\u00e9","article_modified_time":"2026-03-19T13:28:51+00:00","twitter_card":"summary_large_image","twitter_misc":{"Dur\u00e9e de lecture estim\u00e9e":"1 minute"},"schema":{"@context":"https:\/\/schema.org","@graph":[{"@type":"WebPage","@id":"https:\/\/www.repair-cafe.ch\/fr\/repaircafe\/frc-ge\/","url":"https:\/\/www.repair-cafe.ch\/fr\/repaircafe\/frc-ge\/","name":"Repair Caf\u00e9 FRC Gen\u00e8ve - Repair Caf\u00e9","isPartOf":{"@id":"https:\/\/www.repair-cafe.ch\/fr\/#website"},"datePublished":"2023-10-17T11:27:48+00:00","dateModified":"2026-03-19T13:28:51+00:00","breadcrumb":{"@id":"https:\/\/www.repair-cafe.ch\/fr\/repaircafe\/frc-ge\/#breadcrumb"},"inLanguage":"fr-FR","potentialAction":[{"@type":"ReadAction","target":["https:\/\/www.repair-cafe.ch\/fr\/repaircafe\/frc-ge\/"]}]},{"@type":"BreadcrumbList","@id":"https:\/\/www.repair-cafe.ch\/fr\/repaircafe\/frc-ge\/#breadcrumb","itemListElement":[{"@type":"ListItem","position":1,"name":"Startseite","item":"https:\/\/www.repair-cafe.ch\/fr\/"},{"@type":"ListItem","position":2,"name":"Repair Caf\u00e9 FRC Gen\u00e8ve"}]},{"@type":"WebSite","@id":"https:\/\/www.repair-cafe.ch\/fr\/#website","url":"https:\/\/www.repair-cafe.ch\/fr\/","name":"Repair Caf\u00e9","description":"","potentialAction":[{"@type":"SearchAction","target":{"@type":"EntryPoint","urlTemplate":"https:\/\/www.repair-cafe.ch\/fr\/?s={search_term_string}"},"query-input":{"@type":"PropertyValueSpecification","valueRequired":true,"valueName":"search_term_string"}}],"inLanguage":"fr-FR"}]}},"_links":{"self":[{"href":"https:\/\/www.repair-cafe.ch\/fr\/wp-json\/wp\/v2\/repaircafe\/1294","targetHints":{"allow":["GET"]}}],"collection":[{"href":"https:\/\/www.repair-cafe.ch\/fr\/wp-json\/wp\/v2\/repaircafe"}],"about":[{"href":"https:\/\/www.repair-cafe.ch\/fr\/wp-json\/wp\/v2\/types\/repaircafe"}],"wp:attachment":[{"href":"https:\/\/www.repair-cafe.ch\/fr\/wp-json\/wp\/v2\/media?parent=1294"}],"curies":[{"name":"wp","href":"https:\/\/api.w.org\/{rel}","templated":true}]}}