{"version":"1.0","provider_name":"Repair Caf\u00e9","provider_url":"https:\/\/www.repair-cafe.ch\/it\/","author_name":"rcadmin","author_url":"https:\/\/www.repair-cafe.ch\/it\/author\/rcadmin\/","title":"R\u00e9pare Caf\u00e9 d'\u00c9palinges de printemps - Repair Caf\u00e9","type":"rich","width":600,"height":338,"html":"<blockquote class=\"wp-embedded-content\" data-secret=\"NuxBdB8tDN\"><a href=\"https:\/\/www.repair-cafe.ch\/it\/repairevent\/repare-cafe-epalinges\/\">R\u00e9pare Caf\u00e9 d&#8217;\u00c9palinges de printemps<\/a><\/blockquote><iframe sandbox=\"allow-scripts\" security=\"restricted\" src=\"https:\/\/www.repair-cafe.ch\/it\/repairevent\/repare-cafe-epalinges\/embed\/#?secret=NuxBdB8tDN\" width=\"600\" height=\"338\" title=\"&#8220;R\u00e9pare Caf\u00e9 d&#8217;\u00c9palinges de printemps&#8221; &#8212; Repair Caf\u00e9\" data-secret=\"NuxBdB8tDN\" frameborder=\"0\" marginwidth=\"0\" marginheight=\"0\" scrolling=\"no\" class=\"wp-embedded-content\"><\/iframe><script type=\"text\/javascript\">\n\/* <![CDATA[ *\/\n\/*! This file is auto-generated *\/\n!function(d,l){\"use strict\";l.querySelector&&d.addEventListener&&\"undefined\"!=typeof URL&&(d.wp=d.wp||{},d.wp.receiveEmbedMessage||(d.wp.receiveEmbedMessage=function(e){var t=e.data;if((t||t.secret||t.message||t.value)&&!\/[^a-zA-Z0-9]\/.test(t.secret)){for(var s,r,n,a=l.querySelectorAll('iframe[data-secret=\"'+t.secret+'\"]'),o=l.querySelectorAll('blockquote[data-secret=\"'+t.secret+'\"]'),c=new RegExp(\"^https?:$\",\"i\"),i=0;i<o.length;i++)o[i].style.display=\"none\";for(i=0;i<a.length;i++)s=a[i],e.source===s.contentWindow&&(s.removeAttribute(\"style\"),\"height\"===t.message?(1e3<(r=parseInt(t.value,10))?r=1e3:~~r<200&&(r=200),s.height=r):\"link\"===t.message&&(r=new URL(s.getAttribute(\"src\")),n=new URL(t.value),c.test(n.protocol))&&n.host===r.host&&l.activeElement===s&&(d.top.location.href=t.value))}},d.addEventListener(\"message\",d.wp.receiveEmbedMessage,!1),l.addEventListener(\"DOMContentLoaded\",function(){for(var e,t,s=l.querySelectorAll(\"iframe.wp-embedded-content\"),r=0;r<s.length;r++)(t=(e=s[r]).getAttribute(\"data-secret\"))||(t=Math.random().toString(36).substring(2,12),e.src+=\"#?secret=\"+t,e.setAttribute(\"data-secret\",t)),e.contentWindow.postMessage({message:\"ready\",secret:t},\"*\")},!1)))}(window,document);\n\/\/# sourceURL=https:\/\/www.repair-cafe.ch\/wp-includes\/js\/wp-embed.min.js\n\/* ]]> *\/\n<\/script>\n","description":"Pour rappel, un R\u00e9pare Caf\u00e9 est un atelier o\u00f9 des r\u00e9parateurs b\u00e9n\u00e9voles usent de leur savoir-faire et d\u00e9brouillardise afin de rendre \u00e0 vos objets leur premi\u00e8re jeunesse. De nombreux volontaires se sont manifest\u00e9s aupr\u00e8s de la Commune suite \u00e0 notre appel dans Le Palinzard de d\u00e9cembre 2020. Merci \u00e0 eux pour leur motivation et leur ... ..."}