{"id":1267,"date":"2023-10-17T13:27:46","date_gmt":"2023-10-17T11:27:46","guid":{"rendered":"https:\/\/www.repair-cafe.ch\/repaircafe\/repair-cafe-olten\/"},"modified":"2024-10-14T15:39:37","modified_gmt":"2024-10-14T13:39:37","slug":"repair-cafe-olten","status":"publish","type":"repaircafe","link":"https:\/\/www.repair-cafe.ch\/it\/repaircafe\/repair-cafe-olten\/","title":{"rendered":"Repair Caf\u00e9 Olten"},"template":"","class_list":["post-1267","repaircafe","type-repaircafe","status-publish","hentry"],"acf":[],"yoast_head":"<!-- This site is optimized with the Yoast SEO plugin v27.3 - https:\/\/yoast.com\/product\/yoast-seo-wordpress\/ -->\n<title>Repair Caf\u00e9 Olten - Repair Caf\u00e9<\/title>\n<meta name=\"robots\" content=\"index, follow, max-snippet:-1, max-image-preview:large, max-video-preview:-1\" \/>\n<link rel=\"canonical\" href=\"https:\/\/www.repair-cafe.ch\/it\/repaircafe\/repair-cafe-olten\/\" \/>\n<meta property=\"og:locale\" content=\"it_IT\" \/>\n<meta property=\"og:type\" content=\"article\" \/>\n<meta property=\"og:title\" content=\"Repair Caf\u00e9 Olten - Repair Caf\u00e9\" \/>\n<meta property=\"og:description\" content=\"Die Repair Caf\u00e9s in Olten werden durch den Verein Olten im Wandel und dem Begegnungszentrum Cultibo in Zusammenarbeit mit der Stiftung f\u00fcr Konsumentenschutz organisiert. Das genaue Reparaturangebot findet sich jeweils bei den einzelnen Anl\u00e4ssen. Falls wir bei Reparaturen nicht weiter helfen k\u00f6nnen oder eine Reparatur zu viel Zeit in Anspruch nehmen w\u00fcrde, stehen wir trotzdem ... Repair Caf\u00e9 Olten\" \/>\n<meta property=\"og:url\" content=\"https:\/\/www.repair-cafe.ch\/it\/repaircafe\/repair-cafe-olten\/\" \/>\n<meta property=\"og:site_name\" content=\"Repair Caf\u00e9\" \/>\n<meta property=\"article:modified_time\" content=\"2024-10-14T13:39:37+00:00\" \/>\n<meta name=\"twitter:card\" content=\"summary_large_image\" \/>\n<script type=\"application\/ld+json\" class=\"yoast-schema-graph\">{\"@context\":\"https:\\\/\\\/schema.org\",\"@graph\":[{\"@type\":\"WebPage\",\"@id\":\"https:\\\/\\\/www.repair-cafe.ch\\\/it\\\/repaircafe\\\/repair-cafe-olten\\\/\",\"url\":\"https:\\\/\\\/www.repair-cafe.ch\\\/it\\\/repaircafe\\\/repair-cafe-olten\\\/\",\"name\":\"Repair Caf\u00e9 Olten - Repair Caf\u00e9\",\"isPartOf\":{\"@id\":\"https:\\\/\\\/www.repair-cafe.ch\\\/it\\\/#website\"},\"datePublished\":\"2023-10-17T11:27:46+00:00\",\"dateModified\":\"2024-10-14T13:39:37+00:00\",\"breadcrumb\":{\"@id\":\"https:\\\/\\\/www.repair-cafe.ch\\\/it\\\/repaircafe\\\/repair-cafe-olten\\\/#breadcrumb\"},\"inLanguage\":\"it-IT\",\"potentialAction\":[{\"@type\":\"ReadAction\",\"target\":[\"https:\\\/\\\/www.repair-cafe.ch\\\/it\\\/repaircafe\\\/repair-cafe-olten\\\/\"]}]},{\"@type\":\"BreadcrumbList\",\"@id\":\"https:\\\/\\\/www.repair-cafe.ch\\\/it\\\/repaircafe\\\/repair-cafe-olten\\\/#breadcrumb\",\"itemListElement\":[{\"@type\":\"ListItem\",\"position\":1,\"name\":\"Startseite\",\"item\":\"https:\\\/\\\/www.repair-cafe.ch\\\/it\\\/\"},{\"@type\":\"ListItem\",\"position\":2,\"name\":\"Repair Caf\u00e9 Olten\"}]},{\"@type\":\"WebSite\",\"@id\":\"https:\\\/\\\/www.repair-cafe.ch\\\/it\\\/#website\",\"url\":\"https:\\\/\\\/www.repair-cafe.ch\\\/it\\\/\",\"name\":\"Repair Caf\u00e9\",\"description\":\"\",\"potentialAction\":[{\"@type\":\"SearchAction\",\"target\":{\"@type\":\"EntryPoint\",\"urlTemplate\":\"https:\\\/\\\/www.repair-cafe.ch\\\/it\\\/?s={search_term_string}\"},\"query-input\":{\"@type\":\"PropertyValueSpecification\",\"valueRequired\":true,\"valueName\":\"search_term_string\"}}],\"inLanguage\":\"it-IT\"}]}<\/script>\n<!-- \/ Yoast SEO plugin. -->","yoast_head_json":{"title":"Repair Caf\u00e9 Olten - Repair Caf\u00e9","robots":{"index":"index","follow":"follow","max-snippet":"max-snippet:-1","max-image-preview":"max-image-preview:large","max-video-preview":"max-video-preview:-1"},"canonical":"https:\/\/www.repair-cafe.ch\/it\/repaircafe\/repair-cafe-olten\/","og_locale":"it_IT","og_type":"article","og_title":"Repair Caf\u00e9 Olten - Repair Caf\u00e9","og_description":"Die Repair Caf\u00e9s in Olten werden durch den Verein Olten im Wandel und dem Begegnungszentrum Cultibo in Zusammenarbeit mit der Stiftung f\u00fcr Konsumentenschutz organisiert. Das genaue Reparaturangebot findet sich jeweils bei den einzelnen Anl\u00e4ssen. Falls wir bei Reparaturen nicht weiter helfen k\u00f6nnen oder eine Reparatur zu viel Zeit in Anspruch nehmen w\u00fcrde, stehen wir trotzdem ... Repair Caf\u00e9 Olten","og_url":"https:\/\/www.repair-cafe.ch\/it\/repaircafe\/repair-cafe-olten\/","og_site_name":"Repair Caf\u00e9","article_modified_time":"2024-10-14T13:39:37+00:00","twitter_card":"summary_large_image","schema":{"@context":"https:\/\/schema.org","@graph":[{"@type":"WebPage","@id":"https:\/\/www.repair-cafe.ch\/it\/repaircafe\/repair-cafe-olten\/","url":"https:\/\/www.repair-cafe.ch\/it\/repaircafe\/repair-cafe-olten\/","name":"Repair Caf\u00e9 Olten - Repair Caf\u00e9","isPartOf":{"@id":"https:\/\/www.repair-cafe.ch\/it\/#website"},"datePublished":"2023-10-17T11:27:46+00:00","dateModified":"2024-10-14T13:39:37+00:00","breadcrumb":{"@id":"https:\/\/www.repair-cafe.ch\/it\/repaircafe\/repair-cafe-olten\/#breadcrumb"},"inLanguage":"it-IT","potentialAction":[{"@type":"ReadAction","target":["https:\/\/www.repair-cafe.ch\/it\/repaircafe\/repair-cafe-olten\/"]}]},{"@type":"BreadcrumbList","@id":"https:\/\/www.repair-cafe.ch\/it\/repaircafe\/repair-cafe-olten\/#breadcrumb","itemListElement":[{"@type":"ListItem","position":1,"name":"Startseite","item":"https:\/\/www.repair-cafe.ch\/it\/"},{"@type":"ListItem","position":2,"name":"Repair Caf\u00e9 Olten"}]},{"@type":"WebSite","@id":"https:\/\/www.repair-cafe.ch\/it\/#website","url":"https:\/\/www.repair-cafe.ch\/it\/","name":"Repair Caf\u00e9","description":"","potentialAction":[{"@type":"SearchAction","target":{"@type":"EntryPoint","urlTemplate":"https:\/\/www.repair-cafe.ch\/it\/?s={search_term_string}"},"query-input":{"@type":"PropertyValueSpecification","valueRequired":true,"valueName":"search_term_string"}}],"inLanguage":"it-IT"}]}},"_links":{"self":[{"href":"https:\/\/www.repair-cafe.ch\/it\/wp-json\/wp\/v2\/repaircafe\/1267","targetHints":{"allow":["GET"]}}],"collection":[{"href":"https:\/\/www.repair-cafe.ch\/it\/wp-json\/wp\/v2\/repaircafe"}],"about":[{"href":"https:\/\/www.repair-cafe.ch\/it\/wp-json\/wp\/v2\/types\/repaircafe"}],"wp:attachment":[{"href":"https:\/\/www.repair-cafe.ch\/it\/wp-json\/wp\/v2\/media?parent=1267"}],"curies":[{"name":"wp","href":"https:\/\/api.w.org\/{rel}","templated":true}]}}