{"id":1442,"date":"2023-10-17T13:27:58","date_gmt":"2023-10-17T11:27:58","guid":{"rendered":"https:\/\/www.repair-cafe.ch\/repaircafe\/repair-cafe-oberdiessbach\/"},"modified":"2024-09-18T11:26:48","modified_gmt":"2024-09-18T09:26:48","slug":"repair-cafe-oberdiessbach","status":"publish","type":"repaircafe","link":"https:\/\/www.repair-cafe.ch\/it\/repaircafe\/repair-cafe-oberdiessbach\/","title":{"rendered":"Repair Caf\u00e9 Oberdiessbach"},"template":"","class_list":["post-1442","repaircafe","type-repaircafe","status-publish","hentry"],"acf":[],"yoast_head":"<!-- This site is optimized with the Yoast SEO plugin v27.3 - https:\/\/yoast.com\/product\/yoast-seo-wordpress\/ -->\n<title>Repair Caf\u00e9 Oberdiessbach - Repair Caf\u00e9<\/title>\n<meta name=\"robots\" content=\"index, follow, max-snippet:-1, max-image-preview:large, max-video-preview:-1\" \/>\n<link rel=\"canonical\" href=\"https:\/\/www.repair-cafe.ch\/it\/repaircafe\/repair-cafe-oberdiessbach\/\" \/>\n<meta property=\"og:locale\" content=\"it_IT\" \/>\n<meta property=\"og:type\" content=\"article\" \/>\n<meta property=\"og:title\" content=\"Repair Caf\u00e9 Oberdiessbach - Repair Caf\u00e9\" \/>\n<meta property=\"og:description\" content=\"Das B\u00fcgeleisen heizt nicht mehr richtig auf, der Reissverschluss der Sporttasche ist defekt \u2013 alles wegwerfen? Wir haben eine bessere Idee: Z\u00e4me f\u00fcr Oberdiessbach und Seniorennetzwerk Region Oberdiessbach organisieren in Oberdiessbach ein Repair Caf\u00e9. Hier k\u00f6nnen kaputte Gegenst\u00e4nde mit der Hilfe von handwerklich geschickten Personen repariert werden. Die kostenlosen Reparaturveranstaltungen bieten die M\u00f6glichkeit, etwas gegen ... Repair Caf\u00e9 Oberdiessbach\" \/>\n<meta property=\"og:url\" content=\"https:\/\/www.repair-cafe.ch\/it\/repaircafe\/repair-cafe-oberdiessbach\/\" \/>\n<meta property=\"og:site_name\" content=\"Repair Caf\u00e9\" \/>\n<meta property=\"article:modified_time\" content=\"2024-09-18T09:26:48+00:00\" \/>\n<meta name=\"twitter:card\" content=\"summary_large_image\" \/>\n<script type=\"application\/ld+json\" class=\"yoast-schema-graph\">{\"@context\":\"https:\\\/\\\/schema.org\",\"@graph\":[{\"@type\":\"WebPage\",\"@id\":\"https:\\\/\\\/www.repair-cafe.ch\\\/it\\\/repaircafe\\\/repair-cafe-oberdiessbach\\\/\",\"url\":\"https:\\\/\\\/www.repair-cafe.ch\\\/it\\\/repaircafe\\\/repair-cafe-oberdiessbach\\\/\",\"name\":\"Repair Caf\u00e9 Oberdiessbach - Repair Caf\u00e9\",\"isPartOf\":{\"@id\":\"https:\\\/\\\/www.repair-cafe.ch\\\/it\\\/#website\"},\"datePublished\":\"2023-10-17T11:27:58+00:00\",\"dateModified\":\"2024-09-18T09:26:48+00:00\",\"breadcrumb\":{\"@id\":\"https:\\\/\\\/www.repair-cafe.ch\\\/it\\\/repaircafe\\\/repair-cafe-oberdiessbach\\\/#breadcrumb\"},\"inLanguage\":\"it-IT\",\"potentialAction\":[{\"@type\":\"ReadAction\",\"target\":[\"https:\\\/\\\/www.repair-cafe.ch\\\/it\\\/repaircafe\\\/repair-cafe-oberdiessbach\\\/\"]}]},{\"@type\":\"BreadcrumbList\",\"@id\":\"https:\\\/\\\/www.repair-cafe.ch\\\/it\\\/repaircafe\\\/repair-cafe-oberdiessbach\\\/#breadcrumb\",\"itemListElement\":[{\"@type\":\"ListItem\",\"position\":1,\"name\":\"Startseite\",\"item\":\"https:\\\/\\\/www.repair-cafe.ch\\\/it\\\/\"},{\"@type\":\"ListItem\",\"position\":2,\"name\":\"Repair Caf\u00e9 Oberdiessbach\"}]},{\"@type\":\"WebSite\",\"@id\":\"https:\\\/\\\/www.repair-cafe.ch\\\/it\\\/#website\",\"url\":\"https:\\\/\\\/www.repair-cafe.ch\\\/it\\\/\",\"name\":\"Repair Caf\u00e9\",\"description\":\"\",\"potentialAction\":[{\"@type\":\"SearchAction\",\"target\":{\"@type\":\"EntryPoint\",\"urlTemplate\":\"https:\\\/\\\/www.repair-cafe.ch\\\/it\\\/?s={search_term_string}\"},\"query-input\":{\"@type\":\"PropertyValueSpecification\",\"valueRequired\":true,\"valueName\":\"search_term_string\"}}],\"inLanguage\":\"it-IT\"}]}<\/script>\n<!-- \/ Yoast SEO plugin. -->","yoast_head_json":{"title":"Repair Caf\u00e9 Oberdiessbach - Repair Caf\u00e9","robots":{"index":"index","follow":"follow","max-snippet":"max-snippet:-1","max-image-preview":"max-image-preview:large","max-video-preview":"max-video-preview:-1"},"canonical":"https:\/\/www.repair-cafe.ch\/it\/repaircafe\/repair-cafe-oberdiessbach\/","og_locale":"it_IT","og_type":"article","og_title":"Repair Caf\u00e9 Oberdiessbach - Repair Caf\u00e9","og_description":"Das B\u00fcgeleisen heizt nicht mehr richtig auf, der Reissverschluss der Sporttasche ist defekt \u2013 alles wegwerfen? Wir haben eine bessere Idee: Z\u00e4me f\u00fcr Oberdiessbach und Seniorennetzwerk Region Oberdiessbach organisieren in Oberdiessbach ein Repair Caf\u00e9. Hier k\u00f6nnen kaputte Gegenst\u00e4nde mit der Hilfe von handwerklich geschickten Personen repariert werden. Die kostenlosen Reparaturveranstaltungen bieten die M\u00f6glichkeit, etwas gegen ... Repair Caf\u00e9 Oberdiessbach","og_url":"https:\/\/www.repair-cafe.ch\/it\/repaircafe\/repair-cafe-oberdiessbach\/","og_site_name":"Repair Caf\u00e9","article_modified_time":"2024-09-18T09:26:48+00:00","twitter_card":"summary_large_image","schema":{"@context":"https:\/\/schema.org","@graph":[{"@type":"WebPage","@id":"https:\/\/www.repair-cafe.ch\/it\/repaircafe\/repair-cafe-oberdiessbach\/","url":"https:\/\/www.repair-cafe.ch\/it\/repaircafe\/repair-cafe-oberdiessbach\/","name":"Repair Caf\u00e9 Oberdiessbach - Repair Caf\u00e9","isPartOf":{"@id":"https:\/\/www.repair-cafe.ch\/it\/#website"},"datePublished":"2023-10-17T11:27:58+00:00","dateModified":"2024-09-18T09:26:48+00:00","breadcrumb":{"@id":"https:\/\/www.repair-cafe.ch\/it\/repaircafe\/repair-cafe-oberdiessbach\/#breadcrumb"},"inLanguage":"it-IT","potentialAction":[{"@type":"ReadAction","target":["https:\/\/www.repair-cafe.ch\/it\/repaircafe\/repair-cafe-oberdiessbach\/"]}]},{"@type":"BreadcrumbList","@id":"https:\/\/www.repair-cafe.ch\/it\/repaircafe\/repair-cafe-oberdiessbach\/#breadcrumb","itemListElement":[{"@type":"ListItem","position":1,"name":"Startseite","item":"https:\/\/www.repair-cafe.ch\/it\/"},{"@type":"ListItem","position":2,"name":"Repair Caf\u00e9 Oberdiessbach"}]},{"@type":"WebSite","@id":"https:\/\/www.repair-cafe.ch\/it\/#website","url":"https:\/\/www.repair-cafe.ch\/it\/","name":"Repair Caf\u00e9","description":"","potentialAction":[{"@type":"SearchAction","target":{"@type":"EntryPoint","urlTemplate":"https:\/\/www.repair-cafe.ch\/it\/?s={search_term_string}"},"query-input":{"@type":"PropertyValueSpecification","valueRequired":true,"valueName":"search_term_string"}}],"inLanguage":"it-IT"}]}},"_links":{"self":[{"href":"https:\/\/www.repair-cafe.ch\/it\/wp-json\/wp\/v2\/repaircafe\/1442","targetHints":{"allow":["GET"]}}],"collection":[{"href":"https:\/\/www.repair-cafe.ch\/it\/wp-json\/wp\/v2\/repaircafe"}],"about":[{"href":"https:\/\/www.repair-cafe.ch\/it\/wp-json\/wp\/v2\/types\/repaircafe"}],"wp:attachment":[{"href":"https:\/\/www.repair-cafe.ch\/it\/wp-json\/wp\/v2\/media?parent=1442"}],"curies":[{"name":"wp","href":"https:\/\/api.w.org\/{rel}","templated":true}]}}