{"id":1727,"date":"2023-10-17T14:30:15","date_gmt":"2023-10-17T12:30:15","guid":{"rendered":"https:\/\/www.repair-cafe.ch\/repairevent\/repare-cafe-a-epalinges\/"},"modified":"2026-01-09T16:00:06","modified_gmt":"2026-01-09T15:00:06","slug":"repare-cafe-epalinges","status":"publish","type":"repairevent","link":"https:\/\/www.repair-cafe.ch\/it\/repairevent\/repare-cafe-epalinges\/","title":{"rendered":"R\u00e9pare Caf\u00e9 d&#8217;\u00c9palinges de printemps"},"template":"","class_list":["post-1727","repairevent","type-repairevent","status-publish","hentry"],"acf":[],"yoast_head":"<!-- This site is optimized with the Yoast SEO plugin v27.3 - https:\/\/yoast.com\/product\/yoast-seo-wordpress\/ -->\n<title>R\u00e9pare Caf\u00e9 d&#039;\u00c9palinges de printemps - Repair Caf\u00e9<\/title>\n<meta name=\"robots\" content=\"index, follow, max-snippet:-1, max-image-preview:large, max-video-preview:-1\" \/>\n<link rel=\"canonical\" href=\"https:\/\/www.repair-cafe.ch\/it\/repairevent\/repare-cafe-epalinges\/\" \/>\n<meta property=\"og:locale\" content=\"it_IT\" \/>\n<meta property=\"og:type\" content=\"article\" \/>\n<meta property=\"og:title\" content=\"R\u00e9pare Caf\u00e9 d&#039;\u00c9palinges de printemps - Repair Caf\u00e9\" \/>\n<meta property=\"og:description\" content=\"Pour rappel, un R\u00e9pare Caf\u00e9 est un atelier o\u00f9 des r\u00e9parateurs b\u00e9n\u00e9voles usent de leur savoir-faire et d\u00e9brouillardise afin de rendre \u00e0 vos objets leur premi\u00e8re jeunesse. De nombreux volontaires se sont manifest\u00e9s aupr\u00e8s de la Commune suite \u00e0 notre appel dans Le Palinzard de d\u00e9cembre 2020. Merci \u00e0 eux pour leur motivation et leur ... R\u00e9pare Caf\u00e9 d&#8217;\u00c9palinges de printemps\" \/>\n<meta property=\"og:url\" content=\"https:\/\/www.repair-cafe.ch\/it\/repairevent\/repare-cafe-epalinges\/\" \/>\n<meta property=\"og:site_name\" content=\"Repair Caf\u00e9\" \/>\n<meta property=\"article:modified_time\" content=\"2026-01-09T15:00:06+00:00\" \/>\n<meta name=\"twitter:card\" content=\"summary_large_image\" \/>\n<meta name=\"twitter:label1\" content=\"Tempo di lettura stimato\" \/>\n\t<meta name=\"twitter:data1\" content=\"1 minuto\" \/>\n<script type=\"application\/ld+json\" class=\"yoast-schema-graph\">{\"@context\":\"https:\\\/\\\/schema.org\",\"@graph\":[{\"@type\":\"WebPage\",\"@id\":\"https:\\\/\\\/www.repair-cafe.ch\\\/it\\\/repairevent\\\/repare-cafe-epalinges\\\/\",\"url\":\"https:\\\/\\\/www.repair-cafe.ch\\\/it\\\/repairevent\\\/repare-cafe-epalinges\\\/\",\"name\":\"R\u00e9pare Caf\u00e9 d'\u00c9palinges de printemps - Repair Caf\u00e9\",\"isPartOf\":{\"@id\":\"https:\\\/\\\/www.repair-cafe.ch\\\/it\\\/#website\"},\"datePublished\":\"2023-10-17T12:30:15+00:00\",\"dateModified\":\"2026-01-09T15:00:06+00:00\",\"breadcrumb\":{\"@id\":\"https:\\\/\\\/www.repair-cafe.ch\\\/it\\\/repairevent\\\/repare-cafe-epalinges\\\/#breadcrumb\"},\"inLanguage\":\"it-IT\",\"potentialAction\":[{\"@type\":\"ReadAction\",\"target\":[\"https:\\\/\\\/www.repair-cafe.ch\\\/it\\\/repairevent\\\/repare-cafe-epalinges\\\/\"]}]},{\"@type\":\"BreadcrumbList\",\"@id\":\"https:\\\/\\\/www.repair-cafe.ch\\\/it\\\/repairevent\\\/repare-cafe-epalinges\\\/#breadcrumb\",\"itemListElement\":[{\"@type\":\"ListItem\",\"position\":1,\"name\":\"Startseite\",\"item\":\"https:\\\/\\\/www.repair-cafe.ch\\\/it\\\/\"},{\"@type\":\"ListItem\",\"position\":2,\"name\":\"R\u00e9pare Caf\u00e9 d&rsquo;\u00c9palinges de printemps\"}]},{\"@type\":\"WebSite\",\"@id\":\"https:\\\/\\\/www.repair-cafe.ch\\\/it\\\/#website\",\"url\":\"https:\\\/\\\/www.repair-cafe.ch\\\/it\\\/\",\"name\":\"Repair Caf\u00e9\",\"description\":\"\",\"potentialAction\":[{\"@type\":\"SearchAction\",\"target\":{\"@type\":\"EntryPoint\",\"urlTemplate\":\"https:\\\/\\\/www.repair-cafe.ch\\\/it\\\/?s={search_term_string}\"},\"query-input\":{\"@type\":\"PropertyValueSpecification\",\"valueRequired\":true,\"valueName\":\"search_term_string\"}}],\"inLanguage\":\"it-IT\"}]}<\/script>\n<!-- \/ Yoast SEO plugin. -->","yoast_head_json":{"title":"R\u00e9pare Caf\u00e9 d'\u00c9palinges de printemps - Repair Caf\u00e9","robots":{"index":"index","follow":"follow","max-snippet":"max-snippet:-1","max-image-preview":"max-image-preview:large","max-video-preview":"max-video-preview:-1"},"canonical":"https:\/\/www.repair-cafe.ch\/it\/repairevent\/repare-cafe-epalinges\/","og_locale":"it_IT","og_type":"article","og_title":"R\u00e9pare Caf\u00e9 d'\u00c9palinges de printemps - Repair Caf\u00e9","og_description":"Pour rappel, un R\u00e9pare Caf\u00e9 est un atelier o\u00f9 des r\u00e9parateurs b\u00e9n\u00e9voles usent de leur savoir-faire et d\u00e9brouillardise afin de rendre \u00e0 vos objets leur premi\u00e8re jeunesse. De nombreux volontaires se sont manifest\u00e9s aupr\u00e8s de la Commune suite \u00e0 notre appel dans Le Palinzard de d\u00e9cembre 2020. Merci \u00e0 eux pour leur motivation et leur ... R\u00e9pare Caf\u00e9 d&#8217;\u00c9palinges de printemps","og_url":"https:\/\/www.repair-cafe.ch\/it\/repairevent\/repare-cafe-epalinges\/","og_site_name":"Repair Caf\u00e9","article_modified_time":"2026-01-09T15:00:06+00:00","twitter_card":"summary_large_image","twitter_misc":{"Tempo di lettura stimato":"1 minuto"},"schema":{"@context":"https:\/\/schema.org","@graph":[{"@type":"WebPage","@id":"https:\/\/www.repair-cafe.ch\/it\/repairevent\/repare-cafe-epalinges\/","url":"https:\/\/www.repair-cafe.ch\/it\/repairevent\/repare-cafe-epalinges\/","name":"R\u00e9pare Caf\u00e9 d'\u00c9palinges de printemps - Repair Caf\u00e9","isPartOf":{"@id":"https:\/\/www.repair-cafe.ch\/it\/#website"},"datePublished":"2023-10-17T12:30:15+00:00","dateModified":"2026-01-09T15:00:06+00:00","breadcrumb":{"@id":"https:\/\/www.repair-cafe.ch\/it\/repairevent\/repare-cafe-epalinges\/#breadcrumb"},"inLanguage":"it-IT","potentialAction":[{"@type":"ReadAction","target":["https:\/\/www.repair-cafe.ch\/it\/repairevent\/repare-cafe-epalinges\/"]}]},{"@type":"BreadcrumbList","@id":"https:\/\/www.repair-cafe.ch\/it\/repairevent\/repare-cafe-epalinges\/#breadcrumb","itemListElement":[{"@type":"ListItem","position":1,"name":"Startseite","item":"https:\/\/www.repair-cafe.ch\/it\/"},{"@type":"ListItem","position":2,"name":"R\u00e9pare Caf\u00e9 d&rsquo;\u00c9palinges de printemps"}]},{"@type":"WebSite","@id":"https:\/\/www.repair-cafe.ch\/it\/#website","url":"https:\/\/www.repair-cafe.ch\/it\/","name":"Repair Caf\u00e9","description":"","potentialAction":[{"@type":"SearchAction","target":{"@type":"EntryPoint","urlTemplate":"https:\/\/www.repair-cafe.ch\/it\/?s={search_term_string}"},"query-input":{"@type":"PropertyValueSpecification","valueRequired":true,"valueName":"search_term_string"}}],"inLanguage":"it-IT"}]}},"_links":{"self":[{"href":"https:\/\/www.repair-cafe.ch\/it\/wp-json\/wp\/v2\/repairevent\/1727","targetHints":{"allow":["GET"]}}],"collection":[{"href":"https:\/\/www.repair-cafe.ch\/it\/wp-json\/wp\/v2\/repairevent"}],"about":[{"href":"https:\/\/www.repair-cafe.ch\/it\/wp-json\/wp\/v2\/types\/repairevent"}],"wp:attachment":[{"href":"https:\/\/www.repair-cafe.ch\/it\/wp-json\/wp\/v2\/media?parent=1727"}],"curies":[{"name":"wp","href":"https:\/\/api.w.org\/{rel}","templated":true}]}}