{"id":3356,"date":"2024-12-10T12:10:12","date_gmt":"2024-12-10T11:10:12","guid":{"rendered":"https:\/\/www.repair-cafe.ch\/?post_type=repairevent&#038;p=3356"},"modified":"2024-12-10T12:56:47","modified_gmt":"2024-12-10T11:56:47","slug":"flick-und-werk-reparaktion-mai-2025","status":"publish","type":"repairevent","link":"https:\/\/www.repair-cafe.ch\/it\/repairevent\/flick-und-werk-reparaktion-mai-2025\/","title":{"rendered":"flick+werk ReparAktion Mai 2025"},"template":"","class_list":["post-3356","repairevent","type-repairevent","status-publish","hentry"],"acf":[],"yoast_head":"<!-- This site is optimized with the Yoast SEO plugin v27.3 - https:\/\/yoast.com\/product\/yoast-seo-wordpress\/ -->\n<title>flick+werk ReparAktion Mai 2025 - Repair Caf\u00e9<\/title>\n<meta name=\"robots\" content=\"index, follow, max-snippet:-1, max-image-preview:large, max-video-preview:-1\" \/>\n<link rel=\"canonical\" href=\"https:\/\/www.repair-cafe.ch\/it\/repairevent\/flick-und-werk-reparaktion-mai-2025\/\" \/>\n<meta property=\"og:locale\" content=\"it_IT\" \/>\n<meta property=\"og:type\" content=\"article\" \/>\n<meta property=\"og:title\" content=\"flick+werk ReparAktion Mai 2025 - Repair Caf\u00e9\" \/>\n<meta property=\"og:description\" content=\"Sie haben diese Situation sicher schon einmal erlebt: Sie haben ein &nbsp;Haushaltsger\u00e4t gekauft und nach einer Weile ging es kaputt. Sie bringen &nbsp;es dorthin, wo Sie es gekauft haben, und stellen fest, dass die Kosten f\u00fcr die Reparatur teurer sind als der Kauf eines neuen Ger\u00e4ts, oder dass eine Reparatur unm\u00f6glich ist, weil es keine ... flick+werk ReparAktion Mai 2025\" \/>\n<meta property=\"og:url\" content=\"https:\/\/www.repair-cafe.ch\/it\/repairevent\/flick-und-werk-reparaktion-mai-2025\/\" \/>\n<meta property=\"og:site_name\" content=\"Repair Caf\u00e9\" \/>\n<meta property=\"article:modified_time\" content=\"2024-12-10T11:56:47+00:00\" \/>\n<meta name=\"twitter:card\" content=\"summary_large_image\" \/>\n<meta name=\"twitter:label1\" content=\"Tempo di lettura stimato\" \/>\n\t<meta name=\"twitter:data1\" content=\"1 minuto\" \/>\n<script type=\"application\/ld+json\" class=\"yoast-schema-graph\">{\"@context\":\"https:\\\/\\\/schema.org\",\"@graph\":[{\"@type\":\"WebPage\",\"@id\":\"https:\\\/\\\/www.repair-cafe.ch\\\/it\\\/repairevent\\\/flick-und-werk-reparaktion-mai-2025\\\/\",\"url\":\"https:\\\/\\\/www.repair-cafe.ch\\\/it\\\/repairevent\\\/flick-und-werk-reparaktion-mai-2025\\\/\",\"name\":\"flick+werk ReparAktion Mai 2025 - Repair Caf\u00e9\",\"isPartOf\":{\"@id\":\"https:\\\/\\\/www.repair-cafe.ch\\\/it\\\/#website\"},\"datePublished\":\"2024-12-10T11:10:12+00:00\",\"dateModified\":\"2024-12-10T11:56:47+00:00\",\"breadcrumb\":{\"@id\":\"https:\\\/\\\/www.repair-cafe.ch\\\/it\\\/repairevent\\\/flick-und-werk-reparaktion-mai-2025\\\/#breadcrumb\"},\"inLanguage\":\"it-IT\",\"potentialAction\":[{\"@type\":\"ReadAction\",\"target\":[\"https:\\\/\\\/www.repair-cafe.ch\\\/it\\\/repairevent\\\/flick-und-werk-reparaktion-mai-2025\\\/\"]}]},{\"@type\":\"BreadcrumbList\",\"@id\":\"https:\\\/\\\/www.repair-cafe.ch\\\/it\\\/repairevent\\\/flick-und-werk-reparaktion-mai-2025\\\/#breadcrumb\",\"itemListElement\":[{\"@type\":\"ListItem\",\"position\":1,\"name\":\"Startseite\",\"item\":\"https:\\\/\\\/www.repair-cafe.ch\\\/it\\\/\"},{\"@type\":\"ListItem\",\"position\":2,\"name\":\"flick+werk ReparAktion Mai 2025\"}]},{\"@type\":\"WebSite\",\"@id\":\"https:\\\/\\\/www.repair-cafe.ch\\\/it\\\/#website\",\"url\":\"https:\\\/\\\/www.repair-cafe.ch\\\/it\\\/\",\"name\":\"Repair Caf\u00e9\",\"description\":\"\",\"potentialAction\":[{\"@type\":\"SearchAction\",\"target\":{\"@type\":\"EntryPoint\",\"urlTemplate\":\"https:\\\/\\\/www.repair-cafe.ch\\\/it\\\/?s={search_term_string}\"},\"query-input\":{\"@type\":\"PropertyValueSpecification\",\"valueRequired\":true,\"valueName\":\"search_term_string\"}}],\"inLanguage\":\"it-IT\"}]}<\/script>\n<!-- \/ Yoast SEO plugin. -->","yoast_head_json":{"title":"flick+werk ReparAktion Mai 2025 - Repair Caf\u00e9","robots":{"index":"index","follow":"follow","max-snippet":"max-snippet:-1","max-image-preview":"max-image-preview:large","max-video-preview":"max-video-preview:-1"},"canonical":"https:\/\/www.repair-cafe.ch\/it\/repairevent\/flick-und-werk-reparaktion-mai-2025\/","og_locale":"it_IT","og_type":"article","og_title":"flick+werk ReparAktion Mai 2025 - Repair Caf\u00e9","og_description":"Sie haben diese Situation sicher schon einmal erlebt: Sie haben ein &nbsp;Haushaltsger\u00e4t gekauft und nach einer Weile ging es kaputt. Sie bringen &nbsp;es dorthin, wo Sie es gekauft haben, und stellen fest, dass die Kosten f\u00fcr die Reparatur teurer sind als der Kauf eines neuen Ger\u00e4ts, oder dass eine Reparatur unm\u00f6glich ist, weil es keine ... flick+werk ReparAktion Mai 2025","og_url":"https:\/\/www.repair-cafe.ch\/it\/repairevent\/flick-und-werk-reparaktion-mai-2025\/","og_site_name":"Repair Caf\u00e9","article_modified_time":"2024-12-10T11:56:47+00:00","twitter_card":"summary_large_image","twitter_misc":{"Tempo di lettura stimato":"1 minuto"},"schema":{"@context":"https:\/\/schema.org","@graph":[{"@type":"WebPage","@id":"https:\/\/www.repair-cafe.ch\/it\/repairevent\/flick-und-werk-reparaktion-mai-2025\/","url":"https:\/\/www.repair-cafe.ch\/it\/repairevent\/flick-und-werk-reparaktion-mai-2025\/","name":"flick+werk ReparAktion Mai 2025 - Repair Caf\u00e9","isPartOf":{"@id":"https:\/\/www.repair-cafe.ch\/it\/#website"},"datePublished":"2024-12-10T11:10:12+00:00","dateModified":"2024-12-10T11:56:47+00:00","breadcrumb":{"@id":"https:\/\/www.repair-cafe.ch\/it\/repairevent\/flick-und-werk-reparaktion-mai-2025\/#breadcrumb"},"inLanguage":"it-IT","potentialAction":[{"@type":"ReadAction","target":["https:\/\/www.repair-cafe.ch\/it\/repairevent\/flick-und-werk-reparaktion-mai-2025\/"]}]},{"@type":"BreadcrumbList","@id":"https:\/\/www.repair-cafe.ch\/it\/repairevent\/flick-und-werk-reparaktion-mai-2025\/#breadcrumb","itemListElement":[{"@type":"ListItem","position":1,"name":"Startseite","item":"https:\/\/www.repair-cafe.ch\/it\/"},{"@type":"ListItem","position":2,"name":"flick+werk ReparAktion Mai 2025"}]},{"@type":"WebSite","@id":"https:\/\/www.repair-cafe.ch\/it\/#website","url":"https:\/\/www.repair-cafe.ch\/it\/","name":"Repair Caf\u00e9","description":"","potentialAction":[{"@type":"SearchAction","target":{"@type":"EntryPoint","urlTemplate":"https:\/\/www.repair-cafe.ch\/it\/?s={search_term_string}"},"query-input":{"@type":"PropertyValueSpecification","valueRequired":true,"valueName":"search_term_string"}}],"inLanguage":"it-IT"}]}},"_links":{"self":[{"href":"https:\/\/www.repair-cafe.ch\/it\/wp-json\/wp\/v2\/repairevent\/3356","targetHints":{"allow":["GET"]}}],"collection":[{"href":"https:\/\/www.repair-cafe.ch\/it\/wp-json\/wp\/v2\/repairevent"}],"about":[{"href":"https:\/\/www.repair-cafe.ch\/it\/wp-json\/wp\/v2\/types\/repairevent"}],"wp:attachment":[{"href":"https:\/\/www.repair-cafe.ch\/it\/wp-json\/wp\/v2\/media?parent=3356"}],"curies":[{"name":"wp","href":"https:\/\/api.w.org\/{rel}","templated":true}]}}